{"id":7445,"date":"2022-04-16T13:15:27","date_gmt":"2022-04-16T10:15:27","guid":{"rendered":"https:\/\/www.allsences.com\/?page_id=7445"},"modified":"2023-06-22T14:51:07","modified_gmt":"2023-06-22T11:51:07","slug":"iade-ve-degisim","status":"publish","type":"page","link":"https:\/\/www.allsences.com\/en\/iade-ve-degisim\/","title":{"rendered":"Return and Exchange"},"content":{"rendered":"<div class=\"wpb-content-wrapper\"><div class=\"vc_row wpb_row vc_row-fluid\"><div class=\"wpb_column vc_column_container vc_col-sm-12\"><div class=\"vc_column-inner\"><div class=\"wpb_wrapper\">\n\t<div class=\"wpb_text_column wpb_content_element\" >\n\t\t<div class=\"wpb_wrapper\">\n\t\t\t<h5><strong>\u0130ade ve De\u011fi\u015fim:<\/strong><\/h5>\n<p>Web sitemizden alm\u0131\u015f oldu\u011funuz \u00fcr\u00fcn\u00fcn hatal\u0131 \u00e7\u0131kmas\u0131 ya da bedeninin uygun olmamas\u0131 gibi ki\u015fisel durumlarda teslimat tarihinden en ge\u00e7 14 g\u00fcn icerisinde iade ve de\u011fisim yap\u0131labilmektedir.<\/p>\n<p>\u2013 Yurt d\u0131\u015f\u0131 sipari\u015flerinde sadece ulusal posta servisi ile g\u00f6nderilen \u00fcr\u00fcnlerde de\u011fi\u015fim kabul edilmektedir. DHL, UPS gibi \u00f6zel kargo \u015firketleriyle g\u00f6nderilen \u00fcr\u00fcnlerin de\u011fi\u015fimi yap\u0131lmamaktad\u0131r.<\/p>\n<p>\u2013 De\u011fi\u015fim ve iade talebi olu\u015fturmak i\u00e7in\u00a0<a href=\"mailto:shop@allsences.com\">shop@allsences.com<\/a>\u00a0adresine mail atman\u0131z gerekmektedir. \u0130sim-soyad ve sipari\u015f kodunuzu mail ba\u015fl\u0131\u011f\u0131 k\u0131sm\u0131nda mutlaka belirtiniz.<\/p>\n<p>\u2013 De\u011fi\u015fim talebinize mail \u00fczerinden cevap verilerek mailiniz onaylanacak ve de\u011fi\u015fim ve iade i\u00e7in adres bilgisi taraf\u0131n\u0131za iletilecektir. \u00dcr\u00fcn\u00fc, size g\u00f6nderilen paketle geri g\u00f6ndermeniz gerekmektedir.<\/p>\n<p>\u2013 De\u011fi\u015fim talep mailinize yan\u0131t geldikten sonra \u00fcr\u00fcn\u00fc eksiksiz bir \u015fekilde paketleyerek, mail ile size ileten adrese g\u00f6nderebilirsiniz. Kargo g\u00f6nderim \u00fccreti sizin sorumlulu\u011funuzdad\u0131r.<\/p>\n<p>\u2013 Mail yoluyla de\u011fi\u015fim talebi olu\u015fturulmadan g\u00f6nderilen \u00fcr\u00fcnler\u00a0<strong>DE\u011e\u0130\u015eT\u0130R\u0130LMEYECEKT\u0130R.<\/strong><\/p>\n<p>\u2013 Bize ula\u015fan \u00fcr\u00fcnlerin de\u011fi\u015fim \u015fartlar\u0131na uygunlu\u011fu incelenip de\u011fi\u015fim talebiniz onayland\u0131\u011f\u0131nda yeni \u00fcr\u00fcn \u00fccretsiz bir \u015fekilde size tekrar g\u00f6nderilecektir.<\/p>\n<h5><strong>De\u011fi\u015fim \u015eartlar\u0131:<\/strong><\/h5>\n<p>\u2013 De\u011fi\u015fim i\u015flemi bir kereye mahsus olarak yap\u0131l\u0131r. \u0130kinci defa de\u011fi\u015fim yap\u0131lamaz.<\/p>\n<p>\u2013 Kullan\u0131lm\u0131\u015f, orijinalli\u011fini kaybetmi\u015f ve \u00fczerinde etiketi bulunmayan \u00fcr\u00fcnlerde kesinlikle de\u011fi\u015fim ve iade i\u015flemi yap\u0131lmamaktad\u0131r.<\/p>\n<p>\u2013 Kullan\u0131m kaynakl\u0131 hasar g\u00f6rm\u00fc\u015f (y\u0131rt\u0131lm\u0131\u015f, kal\u0131pta deformasyon olu\u015fmu\u015f, kopmu\u015f, vb.) \u00fcr\u00fcnlerin de\u011fi\u015fimi ve iadesi kabul edilmemektedir.<\/p>\n<p>\u2013 A\u011f\u0131r kokulu parf\u00fcmler ya da iz b\u0131rakabilecek bir deodorant s\u00fcrm\u00fc\u015fken denenmi\u015f \u00fcr\u00fcnlerin de\u011fi\u015fimi ve iadesi kabul edilmemektedir.<\/p>\n<p>\u2013 \u0130ade g\u00f6nderilen t\u00fcm \u00fcr\u00fcnlerin yan\u0131nda varsa, sipari\u015fin bir par\u00e7as\u0131 olarak g\u00f6nderilen \u00fccretsiz ya da promosyon \u00fcr\u00fcnler de de\u011fi\u015fim yap\u0131lmamaktad\u0131r.<\/p>\n<p>\u2013 Yurt i\u00e7i de\u011fi\u015fim g\u00f6nderilerinizde istedi\u011finiz kargo \u015firketini tercih edebilirsiniz. Paket de\u011fi\u015fim adresine ula\u015f\u0131ncaya kadar m\u00fc\u015fterinin sorumlulu\u011fu alt\u0131ndad\u0131r. Eysu\u015fen Moda Tekstil San. ve Tic. Limited \u015eirketi, kargolama s\u0131ras\u0131nda hasar g\u00f6rm\u00fc\u015f veya kaybolmu\u015f paketler i\u00e7in herhangi bir sorumluluk \u00fcstlenmemektedir. L\u00fctfen kargolar\u0131n\u0131z\u0131n iyi paketlendi\u011finden ve takip edilebilir, sigortal\u0131 bir \u015firket ile g\u00f6nderildi\u011finden emin olunuz.<\/p>\n\n\t\t<\/div>\n\t<\/div>\n<\/div><\/div><\/div><\/div>\n<\/div>","protected":false},"excerpt":{"rendered":"\u0130ade ve De\u011fi\u015fim: Web sitemizden alm\u0131\u015f oldu\u011funuz \u00fcr\u00fcn\u00fcn hatal\u0131 \u00e7\u0131kmas\u0131 ya da bedeninin uygun olmamas\u0131 gibi ki\u015fisel durumlarda teslimat tarihinden","protected":false},"author":2,"featured_media":0,"parent":0,"menu_order":0,"comment_status":"closed","ping_status":"closed","template":"","meta":{"_sitemap_exclude":false,"_sitemap_priority":"","_sitemap_frequency":"","footnotes":""},"class_list":["post-7445","page","type-page","status-publish","hentry"],"_links":{"self":[{"href":"https:\/\/www.allsences.com\/en\/wp-json\/wp\/v2\/pages\/7445","targetHints":{"allow":["GET"]}}],"collection":[{"href":"https:\/\/www.allsences.com\/en\/wp-json\/wp\/v2\/pages"}],"about":[{"href":"https:\/\/www.allsences.com\/en\/wp-json\/wp\/v2\/types\/page"}],"author":[{"embeddable":true,"href":"https:\/\/www.allsences.com\/en\/wp-json\/wp\/v2\/users\/2"}],"replies":[{"embeddable":true,"href":"https:\/\/www.allsences.com\/en\/wp-json\/wp\/v2\/comments?post=7445"}],"version-history":[{"count":4,"href":"https:\/\/www.allsences.com\/en\/wp-json\/wp\/v2\/pages\/7445\/revisions"}],"predecessor-version":[{"id":9199,"href":"https:\/\/www.allsences.com\/en\/wp-json\/wp\/v2\/pages\/7445\/revisions\/9199"}],"wp:attachment":[{"href":"https:\/\/www.allsences.com\/en\/wp-json\/wp\/v2\/media?parent=7445"}],"curies":[{"name":"wp","href":"https:\/\/api.w.org\/{rel}","templated":true}]}}