{"id":8297,"date":"2022-11-16T14:36:49","date_gmt":"2022-11-16T11:36:49","guid":{"rendered":"https:\/\/www.allsences.com\/?post_type=product&#038;p=8297"},"modified":"2026-04-10T10:43:10","modified_gmt":"2026-04-10T07:43:10","slug":"allsences-sandra-shiny-black-dress","status":"publish","type":"product","link":"https:\/\/www.allsences.com\/en\/product\/allsences-sandra-shiny-black-dress\/","title":{"rendered":"Allsences Sandra Shiny Black Dress"},"content":{"rendered":"","protected":false},"excerpt":{"rendered":"<p>Sandra K\u0131\u015fa Haz\u0131r!<br \/>\nDeri g\u00f6r\u00fcn\u00fcm\u00fcn \u015f\u0131kl\u0131\u011f\u0131, pul bask\u0131n\u0131n \u0131\u015f\u0131lt\u0131s\u0131yla hem gece hem g\u00fcnd\u00fcz tercih edebilece\u011finiz bir elbise.<br \/>\nSiyah pul bask\u0131l\u0131, deri g\u00f6r\u00fcn\u00fcml\u00fc, yandan fermuarl\u0131,<br \/>\nalternatif ba\u011flamal\u0131 elbise, kol a\u011fz\u0131 1 cm lastikli<br \/>\nElbise Boy 85 cm<\/p>\n<p>%100 Pes<br \/>\nModel Boy: 176 cm Beden: 36<\/p>\n<p><a title=\"Trendyol'da sat\u0131n al\" href=\"https:\/\/www.trendyol.com\/pd\/allsences\/sandra-shiny-black-dress-p-640043521?boutiqueId=61&amp;merchantId=771583\" target=\"_blank\" rel=\"noopener\"><img loading=\"lazy\" decoding=\"async\" class=\"alignnone wp-image-8760\" src=\"https:\/\/www.allsences.com\/wp-content\/uploads\/2022\/11\/Trendyol_online.png\" alt=\"Trendyol'da sat\u0131n al\" width=\"181\" height=\"61\" srcset=\"https:\/\/www.allsences.com\/wp-content\/uploads\/2022\/11\/Trendyol_online.png 640w, https:\/\/www.allsences.com\/wp-content\/uploads\/2022\/11\/Trendyol_online-400x135.png 400w, https:\/\/www.allsences.com\/wp-content\/uploads\/2022\/11\/Trendyol_online-18x6.png 18w, https:\/\/www.allsences.com\/wp-content\/uploads\/2022\/11\/Trendyol_online-430x145.png 430w, https:\/\/www.allsences.com\/wp-content\/uploads\/2022\/11\/Trendyol_online-150x51.png 150w\" sizes=\"auto, (max-width: 181px) 100vw, 181px\" \/><\/a><\/p>","protected":false},"featured_media":8300,"template":"","meta":{"_sitemap_exclude":false,"_sitemap_priority":"","_sitemap_frequency":""},"product_brand":[],"product_cat":[77],"product_tag":[],"class_list":["post-8297","product","type-product","status-publish","has-post-thumbnail","product_cat-winter-wind","first","outofstock","shipping-taxable","purchasable","product-type-variable"],"_links":{"self":[{"href":"https:\/\/www.allsences.com\/en\/wp-json\/wp\/v2\/product\/8297","targetHints":{"allow":["GET"]}}],"collection":[{"href":"https:\/\/www.allsences.com\/en\/wp-json\/wp\/v2\/product"}],"about":[{"href":"https:\/\/www.allsences.com\/en\/wp-json\/wp\/v2\/types\/product"}],"wp:featuredmedia":[{"embeddable":true,"href":"https:\/\/www.allsences.com\/en\/wp-json\/wp\/v2\/media\/8300"}],"wp:attachment":[{"href":"https:\/\/www.allsences.com\/en\/wp-json\/wp\/v2\/media?parent=8297"}],"wp:term":[{"taxonomy":"product_brand","embeddable":true,"href":"https:\/\/www.allsences.com\/en\/wp-json\/wp\/v2\/product_brand?post=8297"},{"taxonomy":"product_cat","embeddable":true,"href":"https:\/\/www.allsences.com\/en\/wp-json\/wp\/v2\/product_cat?post=8297"},{"taxonomy":"product_tag","embeddable":true,"href":"https:\/\/www.allsences.com\/en\/wp-json\/wp\/v2\/product_tag?post=8297"}],"curies":[{"name":"wp","href":"https:\/\/api.w.org\/{rel}","templated":true}]}}